{"id":1545,"date":"2025-09-18T11:34:40","date_gmt":"2025-09-18T14:34:40","guid":{"rendered":"https:\/\/netdiario.com.br\/classificados\/imoveis\/entrar-e-morar-vendo-apartamento-quarto-sala-mobiliado-em-agrioes\/"},"modified":"2025-09-18T11:34:40","modified_gmt":"2025-09-18T14:34:40","slug":"entrar-e-morar-vendo-apartamento-quarto-sala-mobiliado-em-agrioes","status":"publish","type":"imoveis","link":"https:\/\/netdiario.com.br\/classificados\/imoveis\/entrar-e-morar-vendo-apartamento-quarto-sala-mobiliado-em-agrioes\/","title":{"rendered":"Entrar e morar: Vendo apartamento Quarto + Sala mobiliado em Agri\u00f5es"},"content":{"rendered":"<p>Apresentamos um apartamento personalizado e totalmente mobiliado num dos bairros mais charmosos de Teres\u00f3polis: Localizado em Agri\u00f5es, este im\u00f3vel est\u00e1 localizado pr\u00f3ximo da Igreja de S\u00e3o Judas Tadeu e tamb\u00e9m da avenida principal, proporcionando assim muito conforto e variadas op\u00e7\u00f5es de lazer!<br \/>Composto de Antessala, Sala, Quarto, Cozinha e Banheiro, este apartamento tamb\u00e9m \u00e9 uma \u00f3tima op\u00e7\u00e3o para investidores que gostam de trabalhar com AirBnb ou loca\u00e7\u00e3o, pois, como ele j\u00e1 vem mobiliado, atrai tanto turistas que querem passar alguns dias no nosso munic\u00edpio, quanto estudantes que pretendem cursar em uma das diversas faculdades que nosso munic\u00edpio oferece.<\/p>\n<p>\u00c9 poss\u00edvel realizar seu sonho, conte conosco! Entre em contato para apresentarmos este e tantos outros im\u00f3veis!<\/p>\n","protected":false},"featured_media":1539,"parent":0,"template":"","tipo-de-imovel":[32],"finalidade":[38],"class_list":["post-1545","imoveis","type-imoveis","status-publish","has-post-thumbnail","hentry","tipo-de-imovel-apartamentos","finalidade-venda"],"yoast_head":"<!-- This site is optimized with the Yoast SEO plugin v25.9 - https:\/\/yoast.com\/wordpress\/plugins\/seo\/ -->\n<title>Entrar e morar: Vendo apartamento Quarto + Sala mobiliado em Agri\u00f5es - Classificados<\/title>\n<meta name=\"robots\" content=\"index, follow, max-snippet:-1, max-image-preview:large, max-video-preview:-1\" \/>\n<link rel=\"canonical\" href=\"https:\/\/netdiario.com.br\/classificados\/imoveis\/entrar-e-morar-vendo-apartamento-quarto-sala-mobiliado-em-agrioes\/\" \/>\n<meta property=\"og:locale\" content=\"pt_BR\" \/>\n<meta property=\"og:type\" content=\"article\" \/>\n<meta property=\"og:title\" content=\"Entrar e morar: Vendo apartamento Quarto + Sala mobiliado em Agri\u00f5es - Classificados\" \/>\n<meta property=\"og:description\" content=\"Apresentamos um apartamento personalizado e totalmente mobiliado num dos bairros mais charmosos de Teres\u00f3polis: Localizado em Agri\u00f5es, este im\u00f3vel est\u00e1 localizado pr\u00f3ximo da Igreja de S\u00e3o Judas Tadeu e tamb\u00e9m da avenida principal, proporcionando assim muito conforto e variadas op\u00e7\u00f5es de lazer!Composto de Antessala, Sala, Quarto, Cozinha e Banheiro, este apartamento tamb\u00e9m \u00e9 uma \u00f3tima [&hellip;]\" \/>\n<meta property=\"og:url\" content=\"https:\/\/netdiario.com.br\/classificados\/imoveis\/entrar-e-morar-vendo-apartamento-quarto-sala-mobiliado-em-agrioes\/\" \/>\n<meta property=\"og:site_name\" content=\"Classificados\" \/>\n<meta property=\"og:image\" content=\"https:\/\/netdiario.com.br\/classificados\/wp-content\/uploads\/jet-engine-forms\/14\/2025\/09\/sala-a.jpg\" \/>\n\t<meta property=\"og:image:width\" content=\"1575\" \/>\n\t<meta property=\"og:image:height\" content=\"708\" \/>\n\t<meta property=\"og:image:type\" content=\"image\/jpeg\" \/>\n<meta name=\"twitter:card\" content=\"summary_large_image\" \/>\n<meta name=\"twitter:label1\" content=\"Est. tempo de leitura\" \/>\n\t<meta name=\"twitter:data1\" content=\"1 minuto\" \/>\n<script type=\"application\/ld+json\" class=\"yoast-schema-graph\">{\"@context\":\"https:\/\/schema.org\",\"@graph\":[{\"@type\":\"WebPage\",\"@id\":\"https:\/\/netdiario.com.br\/classificados\/imoveis\/entrar-e-morar-vendo-apartamento-quarto-sala-mobiliado-em-agrioes\/\",\"url\":\"https:\/\/netdiario.com.br\/classificados\/imoveis\/entrar-e-morar-vendo-apartamento-quarto-sala-mobiliado-em-agrioes\/\",\"name\":\"Entrar e morar: Vendo apartamento Quarto + Sala mobiliado em Agri\u00f5es - Classificados\",\"isPartOf\":{\"@id\":\"https:\/\/netdiario.com.br\/classificados\/#website\"},\"primaryImageOfPage\":{\"@id\":\"https:\/\/netdiario.com.br\/classificados\/imoveis\/entrar-e-morar-vendo-apartamento-quarto-sala-mobiliado-em-agrioes\/#primaryimage\"},\"image\":{\"@id\":\"https:\/\/netdiario.com.br\/classificados\/imoveis\/entrar-e-morar-vendo-apartamento-quarto-sala-mobiliado-em-agrioes\/#primaryimage\"},\"thumbnailUrl\":\"https:\/\/netdiario.com.br\/classificados\/wp-content\/uploads\/jet-engine-forms\/14\/2025\/09\/sala-a.jpg\",\"datePublished\":\"2025-09-18T14:34:40+00:00\",\"breadcrumb\":{\"@id\":\"https:\/\/netdiario.com.br\/classificados\/imoveis\/entrar-e-morar-vendo-apartamento-quarto-sala-mobiliado-em-agrioes\/#breadcrumb\"},\"inLanguage\":\"pt-BR\",\"potentialAction\":[{\"@type\":\"ReadAction\",\"target\":[\"https:\/\/netdiario.com.br\/classificados\/imoveis\/entrar-e-morar-vendo-apartamento-quarto-sala-mobiliado-em-agrioes\/\"]}]},{\"@type\":\"ImageObject\",\"inLanguage\":\"pt-BR\",\"@id\":\"https:\/\/netdiario.com.br\/classificados\/imoveis\/entrar-e-morar-vendo-apartamento-quarto-sala-mobiliado-em-agrioes\/#primaryimage\",\"url\":\"https:\/\/netdiario.com.br\/classificados\/wp-content\/uploads\/jet-engine-forms\/14\/2025\/09\/sala-a.jpg\",\"contentUrl\":\"https:\/\/netdiario.com.br\/classificados\/wp-content\/uploads\/jet-engine-forms\/14\/2025\/09\/sala-a.jpg\",\"width\":1575,\"height\":708},{\"@type\":\"BreadcrumbList\",\"@id\":\"https:\/\/netdiario.com.br\/classificados\/imoveis\/entrar-e-morar-vendo-apartamento-quarto-sala-mobiliado-em-agrioes\/#breadcrumb\",\"itemListElement\":[{\"@type\":\"ListItem\",\"position\":1,\"name\":\"In\u00edcio\",\"item\":\"https:\/\/netdiario.com.br\/classificados\/\"},{\"@type\":\"ListItem\",\"position\":2,\"name\":\"Im\u00f3veis\",\"item\":\"https:\/\/netdiario.com.br\/classificados\/imoveis\/\"},{\"@type\":\"ListItem\",\"position\":3,\"name\":\"Entrar e morar: Vendo apartamento Quarto + Sala mobiliado em Agri\u00f5es\"}]},{\"@type\":\"WebSite\",\"@id\":\"https:\/\/netdiario.com.br\/classificados\/#website\",\"url\":\"https:\/\/netdiario.com.br\/classificados\/\",\"name\":\"Classificados Di\u00e1rio\",\"description\":\"\",\"publisher\":{\"@id\":\"https:\/\/netdiario.com.br\/classificados\/#organization\"},\"potentialAction\":[{\"@type\":\"SearchAction\",\"target\":{\"@type\":\"EntryPoint\",\"urlTemplate\":\"https:\/\/netdiario.com.br\/classificados\/?s={search_term_string}\"},\"query-input\":{\"@type\":\"PropertyValueSpecification\",\"valueRequired\":true,\"valueName\":\"search_term_string\"}}],\"inLanguage\":\"pt-BR\"},{\"@type\":\"Organization\",\"@id\":\"https:\/\/netdiario.com.br\/classificados\/#organization\",\"name\":\"Classificados\",\"url\":\"https:\/\/netdiario.com.br\/classificados\/\",\"logo\":{\"@type\":\"ImageObject\",\"inLanguage\":\"pt-BR\",\"@id\":\"https:\/\/netdiario.com.br\/classificados\/#\/schema\/logo\/image\/\",\"url\":\"https:\/\/netdiario.com.br\/classificados\/wp-content\/uploads\/2025\/09\/diario-classificados.jpg\",\"contentUrl\":\"https:\/\/netdiario.com.br\/classificados\/wp-content\/uploads\/2025\/09\/diario-classificados.jpg\",\"width\":458,\"height\":458,\"caption\":\"Classificados\"},\"image\":{\"@id\":\"https:\/\/netdiario.com.br\/classificados\/#\/schema\/logo\/image\/\"}}]}<\/script>\n<!-- \/ Yoast SEO plugin. -->","yoast_head_json":{"title":"Entrar e morar: Vendo apartamento Quarto + Sala mobiliado em Agri\u00f5es - Classificados","robots":{"index":"index","follow":"follow","max-snippet":"max-snippet:-1","max-image-preview":"max-image-preview:large","max-video-preview":"max-video-preview:-1"},"canonical":"https:\/\/netdiario.com.br\/classificados\/imoveis\/entrar-e-morar-vendo-apartamento-quarto-sala-mobiliado-em-agrioes\/","og_locale":"pt_BR","og_type":"article","og_title":"Entrar e morar: Vendo apartamento Quarto + Sala mobiliado em Agri\u00f5es - Classificados","og_description":"Apresentamos um apartamento personalizado e totalmente mobiliado num dos bairros mais charmosos de Teres\u00f3polis: Localizado em Agri\u00f5es, este im\u00f3vel est\u00e1 localizado pr\u00f3ximo da Igreja de S\u00e3o Judas Tadeu e tamb\u00e9m da avenida principal, proporcionando assim muito conforto e variadas op\u00e7\u00f5es de lazer!Composto de Antessala, Sala, Quarto, Cozinha e Banheiro, este apartamento tamb\u00e9m \u00e9 uma \u00f3tima [&hellip;]","og_url":"https:\/\/netdiario.com.br\/classificados\/imoveis\/entrar-e-morar-vendo-apartamento-quarto-sala-mobiliado-em-agrioes\/","og_site_name":"Classificados","og_image":[{"width":1575,"height":708,"url":"https:\/\/netdiario.com.br\/classificados\/wp-content\/uploads\/jet-engine-forms\/14\/2025\/09\/sala-a.jpg","type":"image\/jpeg"}],"twitter_card":"summary_large_image","twitter_misc":{"Est. tempo de leitura":"1 minuto"},"schema":{"@context":"https:\/\/schema.org","@graph":[{"@type":"WebPage","@id":"https:\/\/netdiario.com.br\/classificados\/imoveis\/entrar-e-morar-vendo-apartamento-quarto-sala-mobiliado-em-agrioes\/","url":"https:\/\/netdiario.com.br\/classificados\/imoveis\/entrar-e-morar-vendo-apartamento-quarto-sala-mobiliado-em-agrioes\/","name":"Entrar e morar: Vendo apartamento Quarto + Sala mobiliado em Agri\u00f5es - Classificados","isPartOf":{"@id":"https:\/\/netdiario.com.br\/classificados\/#website"},"primaryImageOfPage":{"@id":"https:\/\/netdiario.com.br\/classificados\/imoveis\/entrar-e-morar-vendo-apartamento-quarto-sala-mobiliado-em-agrioes\/#primaryimage"},"image":{"@id":"https:\/\/netdiario.com.br\/classificados\/imoveis\/entrar-e-morar-vendo-apartamento-quarto-sala-mobiliado-em-agrioes\/#primaryimage"},"thumbnailUrl":"https:\/\/netdiario.com.br\/classificados\/wp-content\/uploads\/jet-engine-forms\/14\/2025\/09\/sala-a.jpg","datePublished":"2025-09-18T14:34:40+00:00","breadcrumb":{"@id":"https:\/\/netdiario.com.br\/classificados\/imoveis\/entrar-e-morar-vendo-apartamento-quarto-sala-mobiliado-em-agrioes\/#breadcrumb"},"inLanguage":"pt-BR","potentialAction":[{"@type":"ReadAction","target":["https:\/\/netdiario.com.br\/classificados\/imoveis\/entrar-e-morar-vendo-apartamento-quarto-sala-mobiliado-em-agrioes\/"]}]},{"@type":"ImageObject","inLanguage":"pt-BR","@id":"https:\/\/netdiario.com.br\/classificados\/imoveis\/entrar-e-morar-vendo-apartamento-quarto-sala-mobiliado-em-agrioes\/#primaryimage","url":"https:\/\/netdiario.com.br\/classificados\/wp-content\/uploads\/jet-engine-forms\/14\/2025\/09\/sala-a.jpg","contentUrl":"https:\/\/netdiario.com.br\/classificados\/wp-content\/uploads\/jet-engine-forms\/14\/2025\/09\/sala-a.jpg","width":1575,"height":708},{"@type":"BreadcrumbList","@id":"https:\/\/netdiario.com.br\/classificados\/imoveis\/entrar-e-morar-vendo-apartamento-quarto-sala-mobiliado-em-agrioes\/#breadcrumb","itemListElement":[{"@type":"ListItem","position":1,"name":"In\u00edcio","item":"https:\/\/netdiario.com.br\/classificados\/"},{"@type":"ListItem","position":2,"name":"Im\u00f3veis","item":"https:\/\/netdiario.com.br\/classificados\/imoveis\/"},{"@type":"ListItem","position":3,"name":"Entrar e morar: Vendo apartamento Quarto + Sala mobiliado em Agri\u00f5es"}]},{"@type":"WebSite","@id":"https:\/\/netdiario.com.br\/classificados\/#website","url":"https:\/\/netdiario.com.br\/classificados\/","name":"Classificados Di\u00e1rio","description":"","publisher":{"@id":"https:\/\/netdiario.com.br\/classificados\/#organization"},"potentialAction":[{"@type":"SearchAction","target":{"@type":"EntryPoint","urlTemplate":"https:\/\/netdiario.com.br\/classificados\/?s={search_term_string}"},"query-input":{"@type":"PropertyValueSpecification","valueRequired":true,"valueName":"search_term_string"}}],"inLanguage":"pt-BR"},{"@type":"Organization","@id":"https:\/\/netdiario.com.br\/classificados\/#organization","name":"Classificados","url":"https:\/\/netdiario.com.br\/classificados\/","logo":{"@type":"ImageObject","inLanguage":"pt-BR","@id":"https:\/\/netdiario.com.br\/classificados\/#\/schema\/logo\/image\/","url":"https:\/\/netdiario.com.br\/classificados\/wp-content\/uploads\/2025\/09\/diario-classificados.jpg","contentUrl":"https:\/\/netdiario.com.br\/classificados\/wp-content\/uploads\/2025\/09\/diario-classificados.jpg","width":458,"height":458,"caption":"Classificados"},"image":{"@id":"https:\/\/netdiario.com.br\/classificados\/#\/schema\/logo\/image\/"}}]}},"_links":{"self":[{"href":"https:\/\/netdiario.com.br\/classificados\/wp-json\/wp\/v2\/imoveis\/1545","targetHints":{"allow":["GET"]}}],"collection":[{"href":"https:\/\/netdiario.com.br\/classificados\/wp-json\/wp\/v2\/imoveis"}],"about":[{"href":"https:\/\/netdiario.com.br\/classificados\/wp-json\/wp\/v2\/types\/imoveis"}],"wp:featuredmedia":[{"embeddable":true,"href":"https:\/\/netdiario.com.br\/classificados\/wp-json\/wp\/v2\/media\/1539"}],"wp:attachment":[{"href":"https:\/\/netdiario.com.br\/classificados\/wp-json\/wp\/v2\/media?parent=1545"}],"wp:term":[{"taxonomy":"tipo-de-imovel","embeddable":true,"href":"https:\/\/netdiario.com.br\/classificados\/wp-json\/wp\/v2\/tipo-de-imovel?post=1545"},{"taxonomy":"finalidade","embeddable":true,"href":"https:\/\/netdiario.com.br\/classificados\/wp-json\/wp\/v2\/finalidade?post=1545"}],"curies":[{"name":"wp","href":"https:\/\/api.w.org\/{rel}","templated":true}]}}